{"id":1137,"date":"2017-05-18T18:16:50","date_gmt":"2017-05-18T18:16:50","guid":{"rendered":"http:\/\/parqueespana2.com.mx\/?page_id=1137"},"modified":"2017-05-18T18:16:50","modified_gmt":"2017-05-18T18:16:50","slug":"directiva-2015","status":"publish","type":"page","link":"https:\/\/parqueespana2.com.mx\/?page_id=1137","title":{"rendered":"Directiva 2024"},"content":{"rendered":"<div id=\"pl-1137\"  class=\"panel-layout\" >\n<div id=\"pg-1137-0\"  class=\"panel-grid panel-no-style\"  data-style=\"{&quot;background_display&quot;:&quot;tile&quot;,&quot;full_height&quot;:&quot;&quot;}\" >\n<div id=\"pgc-1137-0-0\"  class=\"panel-grid-cell\"  data-weight=\"0.48578255403368\" >\n<div id=\"panel-1137-0-0-0\" class=\"so-panel widget widget_sow-editor panel-first-child\" data-index=\"0\" data-style=\"{&quot;background_image_attachment&quot;:false,&quot;background_display&quot;:&quot;tile&quot;,&quot;background_image_size&quot;:&quot;full&quot;,&quot;background_image_opacity&quot;:&quot;100&quot;,&quot;border_thickness&quot;:&quot;1px&quot;}\" >\n<div\n\t\t\t\n\t\t\tclass=\"so-widget-sow-editor so-widget-sow-editor-base\"\n\t\t\t\n\t\t><\/p>\n<div class=\"siteorigin-widget-tinymce textwidget\">\n<p><img fetchpriority=\"high\" decoding=\"async\" class=\"alignnone size-large wp-image-4804\" src=\"http:\/\/parqueespana2.com.mx\/wp-content\/uploads\/2024\/09\/Imagen-de-WhatsApp-2024-09-16-a-las-12.18.58_284e69a5-1024x818.jpg\" alt=\"\" width=\"847\" height=\"677\" \/><\/p>\n<\/div>\n<\/div>\n<\/div>\n<div id=\"panel-1137-0-0-1\" class=\"so-panel widget widget_sow-editor panel-last-child\" data-index=\"1\" data-style=\"{&quot;background_image_attachment&quot;:false,&quot;background_display&quot;:&quot;tile&quot;,&quot;background_image_size&quot;:&quot;full&quot;,&quot;background_image_opacity&quot;:&quot;100&quot;,&quot;border_thickness&quot;:&quot;1px&quot;}\" >\n<div\n\t\t\t\n\t\t\tclass=\"so-widget-sow-editor so-widget-sow-editor-base\"\n\t\t\t\n\t\t><\/p>\n<div class=\"siteorigin-widget-tinymce textwidget\">\n<p>RELACIONES P\u00daBLICAS<br \/>\nfatane@parqueespana2.com.mx<\/p>\n<p>DIRECCI\u00d3N GENERAL:<br \/>\nlotero@parqueespana2.com.mx<\/p>\n<\/div>\n<\/div>\n<\/div>\n<\/div>\n<div id=\"pgc-1137-0-1\"  class=\"panel-grid-cell panel-grid-cell-empty\"  data-weight=\"0.10732459244395\" ><\/div>\n<div id=\"pgc-1137-0-2\"  class=\"panel-grid-cell\"  data-weight=\"0.40689285352236\" >\n<div id=\"panel-1137-0-2-0\" class=\"so-panel widget widget_sow-editor panel-first-child panel-last-child\" data-index=\"2\" data-style=\"{&quot;background_image_attachment&quot;:false,&quot;background_display&quot;:&quot;tile&quot;,&quot;background_image_size&quot;:&quot;full&quot;,&quot;background_image_opacity&quot;:&quot;100&quot;,&quot;border_thickness&quot;:&quot;1px&quot;}\" >\n<div\n\t\t\t\n\t\t\tclass=\"so-widget-sow-editor so-widget-sow-editor-base\"\n\t\t\t\n\t\t><\/p>\n<div class=\"siteorigin-widget-tinymce textwidget\">\n<p style=\"text-align: center;\">PRESIDENTE:<\/p>\n<p style=\"text-align: center;\">Don Jos\u00e9 Antonio Gonz\u00e1lez Quijano<\/p>\n<p style=\"text-align: center;\">\n<p style=\"text-align: center;\">SECRETARIO:<\/p>\n<p style=\"text-align: center;\">Don Francisco Esteban Pedroche G\u00f3mez<\/p>\n<p style=\"text-align: center;\">\n<p style=\"text-align: center;\">PROSECRETARIO:<\/p>\n<p style=\"text-align: center;\">Don Leopoldo Rodr\u00edguez \u00c1lvarez<\/p>\n<p style=\"text-align: center;\">\n<p style=\"text-align: center;\">TESORERO:<\/p>\n<p style=\"text-align: center;\">Don David P\u00e9rez Hern\u00e1ndez<\/p>\n<p style=\"text-align: center;\">\n<p style=\"text-align: center;\">PROTESORERO:<\/p>\n<p style=\"text-align: center;\">Don Daniel Pichel Mart\u00ednez<\/p>\n<p style=\"text-align: center;\">\n<p style=\"text-align: center;\">VOCAL DE DEPORTES:<\/p>\n<p style=\"text-align: center;\">Don Tom\u00e1s Rubio Lavin<\/p>\n<p style=\"text-align: center;\">\n<p style=\"text-align: center;\">VOCAL DE FESTEJOS:<\/p>\n<p style=\"text-align: center;\">Don Jos\u00e9 Mar\u00eda Alonso Zurita<\/p>\n<p style=\"text-align: center;\">\n<p style=\"text-align: center;\">VOCAL DE CULTURA:<\/p>\n<p style=\"text-align: center;\">Don Juli\u00e1n Guillermo Herrero Fern\u00e1ndez<\/p>\n<p style=\"text-align: center;\">\n<p style=\"text-align: center;\">GERENTE DE RELACIONES P\u00daBLICAS:<\/p>\n<p style=\"text-align: center;\">Fernando Atan\u00e9 de Prada<\/p>\n<\/div>\n<\/div>\n<\/div>\n<\/div>\n<\/div>\n<\/div>\n","protected":false},"excerpt":{"rendered":"<p>RELACIONES P\u00daBLICAS fatane@parqueespana2.com.mx DIRECCI\u00d3N GENERAL: lotero@parqueespana2.com.mx PRESIDENTE: Don Jos\u00e9 Antonio Gonz\u00e1lez Quijano SECRETARIO: Don Francisco Esteban Pedroche G\u00f3mez PROSECRETARIO: Don Leopoldo Rodr\u00edguez \u00c1lvarez TESORERO: Don David P\u00e9rez Hern\u00e1ndez PROTESORERO: Don Daniel Pichel Mart\u00ednez VOCAL DE DEPORTES: Don Tom\u00e1s Rubio Lavin VOCAL DE FESTEJOS: Don Jos\u00e9 Mar\u00eda Alonso Zurita VOCAL DE CULTURA: Don Juli\u00e1n Guillermo Herrero [&hellip;]<\/p>\n","protected":false},"author":2,"featured_media":0,"parent":0,"menu_order":0,"comment_status":"closed","ping_status":"closed","template":"","meta":{"footnotes":""},"class_list":["post-1137","page","type-page","status-publish","hentry"],"_links":{"self":[{"href":"https:\/\/parqueespana2.com.mx\/index.php?rest_route=\/wp\/v2\/pages\/1137","targetHints":{"allow":["GET"]}}],"collection":[{"href":"https:\/\/parqueespana2.com.mx\/index.php?rest_route=\/wp\/v2\/pages"}],"about":[{"href":"https:\/\/parqueespana2.com.mx\/index.php?rest_route=\/wp\/v2\/types\/page"}],"author":[{"embeddable":true,"href":"https:\/\/parqueespana2.com.mx\/index.php?rest_route=\/wp\/v2\/users\/2"}],"replies":[{"embeddable":true,"href":"https:\/\/parqueespana2.com.mx\/index.php?rest_route=%2Fwp%2Fv2%2Fcomments&post=1137"}],"version-history":[{"count":0,"href":"https:\/\/parqueespana2.com.mx\/index.php?rest_route=\/wp\/v2\/pages\/1137\/revisions"}],"wp:attachment":[{"href":"https:\/\/parqueespana2.com.mx\/index.php?rest_route=%2Fwp%2Fv2%2Fmedia&parent=1137"}],"curies":[{"name":"wp","href":"https:\/\/api.w.org\/{rel}","templated":true}]}}